{"id":3893,"date":"2024-02-01T21:01:14","date_gmt":"2024-02-01T21:01:14","guid":{"rendered":"https:\/\/wp2.yogsthemes.com\/thewp\/oment\/?page_id=3893"},"modified":"2026-01-09T11:47:42","modified_gmt":"2026-01-09T11:47:42","slug":"ziyaretci","status":"publish","type":"page","link":"https:\/\/kayserifurniturefair.com\/ru\/ziyaretci\/","title":{"rendered":"\u041f\u043e\u0441\u0435\u0442\u0438\u0442\u0435\u043b\u044c"},"content":{"rendered":"<div data-elementor-type=\"wp-page\" data-elementor-id=\"3893\" class=\"elementor elementor-3893\">\n\t\t\t\t<div class=\"elementor-element elementor-element-2780368 e-flex e-con-boxed e-con e-parent\" data-id=\"2780368\" data-element_type=\"container\">\n\t\t\t\t\t<div class=\"e-con-inner\">\n\t\t\t\t\t<\/div>\n\t\t\t\t<\/div>\n\t\t<div class=\"elementor-element elementor-element-9ccd703 e-flex e-con-boxed e-con e-parent\" data-id=\"9ccd703\" data-element_type=\"container\">\n\t\t\t\t\t<div class=\"e-con-inner\">\n\t\t<div class=\"elementor-element elementor-element-9930c06 e-con-full e-flex e-con e-child\" data-id=\"9930c06\" data-element_type=\"container\">\n\t\t\t\t<div class=\"elementor-element elementor-element-b7138c2 elementor-widget elementor-widget-heading\" data-id=\"b7138c2\" data-element_type=\"widget\" data-widget_type=\"heading.default\">\n\t\t\t\t\t<h2 class=\"elementor-heading-title elementor-size-default\">Neden Ziyaret\u00e7i Olmal\u0131s\u0131n\u0131z?<\/h2>\t\t\t\t<\/div>\n\t\t\t\t<\/div>\n\t\t\t\t\t<\/div>\n\t\t\t\t<\/div>\n\t\t<div class=\"elementor-element elementor-element-5cc3e49 e-flex e-con-boxed e-con e-parent\" data-id=\"5cc3e49\" data-element_type=\"container\">\n\t\t\t\t\t<div class=\"e-con-inner\">\n\t\t\t\t<div class=\"elementor-element elementor-element-ec4a3fa elementor-widget elementor-widget-text-editor\" data-id=\"ec4a3fa\" data-element_type=\"widget\" data-widget_type=\"text-editor.default\">\n\t\t\t\t\t\t\t\t\t<p data-start=\"164\" data-end=\"594\"><strong>Mobilya fuar\u0131m\u0131z, sekt\u00f6r\u00fcn en yenilik\u00e7i ve g\u00fcncel trendlerini bir araya getiren e\u015fsiz bir platform sunuyor. \u0130ster i\u00e7 mimar olun, ister perakende sat\u0131\u015f yapan bir ma\u011faza sahibi, isterse bireysel bir tasar\u0131m tutkunu, fuar\u0131m\u0131z her ziyaret\u00e7iye ilham verici deneyimler sunuyor. Yeni koleksiyonlar\u0131 ilk elden g\u00f6rme, farkl\u0131 \u00fcreticilerle do\u011frudan ileti\u015fim kurma ve sekt\u00f6r\u00fcn \u00f6nc\u00fc profesyonellerinden bilgi alma f\u0131rsat\u0131n\u0131 yakalayacaks\u0131n\u0131z.<\/strong><\/p><p data-start=\"596\" data-end=\"978\"><strong>Fuar\u0131m\u0131z, yaln\u0131zca \u00fcr\u00fcnleri g\u00f6rmekle kalmay\u0131p ayn\u0131 zamanda sekt\u00f6r\u00fcn gelece\u011fine dair \u00f6ng\u00f6r\u00fcler edinmenize, yenilik\u00e7i tasar\u0131mlar\u0131 ke\u015ffetmenize ve i\u015f a\u011f\u0131n\u0131z\u0131 geni\u015fletmenize olanak tan\u0131r. Kat\u0131l\u0131mc\u0131lar, mobilya ve dekorasyon alan\u0131ndaki en son teknolojileri, malzemeleri ve trendleri inceleme \u015fans\u0131n\u0131 elde ederken, profesyonel at\u00f6lye ve sunumlarla bilgi ve deneyimlerini art\u0131rabilirler.<\/strong><\/p><p data-start=\"980\" data-end=\"1189\"><strong>K\u0131sacas\u0131, mobilya fuar\u0131m\u0131z sekt\u00f6rdeki geli\u015fmeleri takip etmek, yeni i\u015f f\u0131rsatlar\u0131n\u0131 ke\u015ffetmek ve ilham dolu bir ortamda fikir al\u0131\u015fveri\u015finde bulunmak isteyen herkes i\u00e7in ka\u00e7\u0131r\u0131lmayacak bir bulu\u015fma noktas\u0131d\u0131r.<\/strong><\/p>\t\t\t\t\t\t\t\t<\/div>\n\t\t\t\t\t<\/div>\n\t\t\t\t<\/div>\n\t\t<div class=\"elementor-element elementor-element-41aade4 e-grid e-con-boxed e-con e-parent\" data-id=\"41aade4\" data-element_type=\"container\">\n\t\t\t\t\t<div class=\"e-con-inner\">\n\t\t\t\t<div class=\"elementor-element elementor-element-28cabf9 elementor-widget elementor-widget-text-editor\" data-id=\"28cabf9\" data-element_type=\"widget\" data-widget_type=\"text-editor.default\">\n\t\t\t\t\t\t\t\t\t<h3><strong>Toptanc\u0131lar ve Distrib\u00fct\u00f6rler<\/strong><\/h3><p>\u00a0<\/p><p>Mobilya sekt\u00f6r\u00fcnde \u00fcr\u00fcn \u00e7e\u015fitlili\u011fini art\u0131rmak, g\u00fc\u00e7l\u00fc i\u015f ortakl\u0131klar\u0131 kurmak ve yeni pazarlar ke\u015ffetmek isteyen toptanc\u0131 ve distrib\u00fct\u00f6rler i\u00e7in fuar\u0131m\u0131z \u00f6nemli bir bulu\u015fma noktas\u0131d\u0131r. Zengin \u00fcr\u00fcn yelpazesi, yenilik\u00e7i tasar\u0131mlar ve rekabet\u00e7i fiyat avantajlar\u0131yla kat\u0131l\u0131mc\u0131lar\u0131m\u0131z, i\u015f a\u011flar\u0131n\u0131 geni\u015fletme ve yeni markalarla \u00e7al\u0131\u015fma f\u0131rsat\u0131 bulacaklard\u0131r.<\/p>\t\t\t\t\t\t\t\t<\/div>\n\t\t\t\t<div class=\"elementor-element elementor-element-88f5962 elementor-widget elementor-widget-text-editor\" data-id=\"88f5962\" data-element_type=\"widget\" data-widget_type=\"text-editor.default\">\n\t\t\t\t\t\t\t\t\t<h3><strong>Perakende Ma\u011faza Sahipleri<\/strong><\/h3><p data-start=\"88\" data-end=\"445\">\u00a0<\/p><p data-start=\"88\" data-end=\"445\">Fuar\u0131m\u0131z, ma\u011fazalar\u0131nda farkl\u0131 ve kaliteli \u00fcr\u00fcnler sunmak isteyen perakende ma\u011faza sahipleri i\u00e7in ilham verici bir bulu\u015fma noktas\u0131d\u0131r. Ziyaret\u00e7iler, en yeni mobilya koleksiyonlar\u0131n\u0131 yak\u0131ndan inceleyerek trendleri takip edebilir, m\u00fc\u015fteri taleplerine uygun \u00fcr\u00fcnleri se\u00e7erek ma\u011faza portf\u00f6ylerini g\u00fc\u00e7lendirme f\u0131rsat\u0131 bulurlar.<\/p>\t\t\t\t\t\t\t\t<\/div>\n\t\t\t\t<div class=\"elementor-element elementor-element-8a584c7 elementor-widget elementor-widget-text-editor\" data-id=\"8a584c7\" data-element_type=\"widget\" data-widget_type=\"text-editor.default\">\n\t\t\t\t\t\t\t\t\t<h3><strong>\u0130\u00e7 Mimarlar ve Dekorat\u00f6rler<\/strong><\/h3><p>\u00a0<\/p><p>Fuar\u0131m\u0131z, mekanlar\u0131na estetik ve i\u015flevsellik katmak isteyen i\u00e7 mimar ve dekorat\u00f6rler i\u00e7in en yeni mobilya trendlerini ke\u015ffetme f\u0131rsat\u0131 sunar. Kat\u0131l\u0131mc\u0131lar, \u00f6zg\u00fcn tasar\u0131mlar ve yenilik\u00e7i \u00e7\u00f6z\u00fcmlerle projelerine de\u011fer katacak mobilyalar\u0131 inceleyebilir, sekt\u00f6rdeki en g\u00fcncel malzeme ve stil se\u00e7eneklerini yak\u0131ndan g\u00f6rebilirler.<\/p>\t\t\t\t\t\t\t\t<\/div>\n\t\t\t\t\t<\/div>\n\t\t\t\t<\/div>\n\t\t<div class=\"elementor-element elementor-element-f4160eb e-grid e-con-boxed e-con e-parent\" data-id=\"f4160eb\" data-element_type=\"container\">\n\t\t\t\t\t<div class=\"e-con-inner\">\n\t\t\t\t<div class=\"elementor-element elementor-element-6e743bc elementor-widget elementor-widget-text-editor\" data-id=\"6e743bc\" data-element_type=\"widget\" data-widget_type=\"text-editor.default\">\n\t\t\t\t\t\t\t\t\t<h3><strong>E-Ticaret ve Online Sat\u0131c\u0131lar<\/strong><\/h3><p>\u00a0<\/p><p>Dijital pazarda rekabet g\u00fcc\u00fcn\u00fc art\u0131rmak isteyen e-ticaret ve online sat\u0131c\u0131lar i\u00e7in fuar\u0131m\u0131z, geni\u015f \u00fcr\u00fcn \u00e7e\u015fitlili\u011fi ve yenilik\u00e7i tasar\u0131mlar\u0131 tek \u00e7at\u0131 alt\u0131nda sunar. Kat\u0131l\u0131mc\u0131lar, g\u00fcvenilir tedarik\u00e7ilerle do\u011frudan ba\u011flant\u0131 kurarak stoklar\u0131n\u0131 g\u00fc\u00e7lendirebilir ve m\u00fc\u015fterilerine trend mobilyalar\u0131 h\u0131zl\u0131ca ula\u015ft\u0131rma f\u0131rsat\u0131 bulabilirler.<\/p>\t\t\t\t\t\t\t\t<\/div>\n\t\t\t\t<div class=\"elementor-element elementor-element-59afecc elementor-widget elementor-widget-text-editor\" data-id=\"59afecc\" data-element_type=\"widget\" data-widget_type=\"text-editor.default\">\n\t\t\t\t\t\t\t\t\t<h3><strong data-start=\"17\" data-end=\"50\">Mobilya Aksesuar Temsilcileri<\/strong><\/h3><p>\u00a0<\/p><p>Fuar\u0131m\u0131z, mobilya sekt\u00f6r\u00fcnde tamamlay\u0131c\u0131 \u00fcr\u00fcnler sunan aksesuar temsilcileri i\u00e7in g\u00fc\u00e7l\u00fc bir i\u015f platformu sa\u011flar. Kat\u0131l\u0131mc\u0131lar, mobilya \u00fcreticileri ve perakendecilerle do\u011frudan ileti\u015fim kurarak \u00fcr\u00fcnlerini tan\u0131tabilir, yeni i\u015f ortakl\u0131klar\u0131 geli\u015ftirebilir ve pazarda daha geni\u015f kitlelere ula\u015fma f\u0131rsat\u0131 bulabilirler.<\/p>\t\t\t\t\t\t\t\t<\/div>\n\t\t\t\t<div class=\"elementor-element elementor-element-65ebd75 elementor-widget elementor-widget-text-editor\" data-id=\"65ebd75\" data-element_type=\"widget\" data-widget_type=\"text-editor.default\">\n\t\t\t\t\t\t\t\t\t<h3><strong data-start=\"14\" data-end=\"58\">Kamu Kurumlar\u0131 ve Toplu Al\u0131m Yetkilileri<\/strong><\/h3><p>\u00a0<\/p><p>Okullar, hastaneler, belediyeler ve di\u011fer kamu kurumlar\u0131 i\u00e7in toplu mobilya al\u0131mlar\u0131 ger\u00e7ekle\u015ftiren yetkililer, fuar\u0131m\u0131zda g\u00fcvenilir \u00fcreticilerle bir araya gelir. Geni\u015f \u00fcr\u00fcn yelpazesi sayesinde ihtiya\u00e7lara uygun, dayan\u0131kl\u0131 ve fonksiyonel mobilya \u00e7\u00f6z\u00fcmlerini tek noktada inceleyebilir, b\u00fct\u00e7e dostu ve kaliteli alternatifleri de\u011ferlendirme f\u0131rsat\u0131 bulurlar.<\/p>\t\t\t\t\t\t\t\t<\/div>\n\t\t\t\t\t<\/div>\n\t\t\t\t<\/div>\n\t\t<div class=\"elementor-element elementor-element-f421e53 e-grid e-con-boxed e-con e-parent\" data-id=\"f421e53\" data-element_type=\"container\">\n\t\t\t\t\t<div class=\"e-con-inner\">\n\t\t\t\t<div class=\"elementor-element elementor-element-c93e648 elementor-widget elementor-widget-text-editor\" data-id=\"c93e648\" data-element_type=\"widget\" data-widget_type=\"text-editor.default\">\n\t\t\t\t\t\t\t\t\t<h3 class=\"s3\"><span class=\"s2\"><strong>FUAR K\u00dcNYES\u0130<\/strong><\/span><\/h3><p class=\"s5\"><strong><span class=\"s2\">Fuar Ad\u0131:<\/span><\/strong><span class=\"s7\"> KFF - \u041a\u0430\u0439\u0441\u0435\u0440\u0438 <\/span><span class=\"s7\">\u041c\u0435\u0431\u0435\u043b\u044c<\/span> <span class=\"s7\">\u042f\u0440\u043c\u0430\u0440\u043a\u0430<\/span><span class=\"s7\"><br \/><\/span><strong><span class=\"s2\">Tarih:<\/span><\/strong><span class=\"s7\"> 31 \u044f\u043d\u0432\u0430\u0440\u044f - 4 \u0444\u0435\u0432\u0440\u0430\u043b\u044f 2026 \u0433\u043e\u0434\u0430<\/span><span class=\"s7\"><br \/><\/span><strong><span class=\"s2\">Yer:<\/span><\/strong><span class=\"s7\"> \u041c\u0435\u0436\u0434\u0443\u043d\u0430\u0440\u043e\u0434\u043d\u044b\u0439 \u0432\u044b\u0441\u0442\u0430\u0432\u043e\u0447\u043d\u044b\u0439 \u0446\u0435\u043d\u0442\u0440 \u041a\u0430\u0439\u0441\u0435\u0440\u0438 OSB<\/span><span class=\"s7\"><br \/><\/span><strong><span class=\"s2\">Organizat\u00f6r:<\/span><\/strong><span class=\"s7\"> Nobel Expo Fuarc\u0131l\u0131k A.\u015e. \u2013 <\/span><a href=\"http:\/\/www.nobelexpo.com\/\"><span class=\"s11\">www.nobelexpo.com<\/span><\/a><span class=\"s7\"><br \/><\/span><strong><span class=\"s2\">Ziyaret Saatleri:<\/span><\/strong><span class=\"s7\"> 10:00 \u2013 18:00 (31 Ocak\u20133 \u015eubat) \/ 10:00 \u2013 17:00 (4 \u015eubat)<\/span><\/p>\t\t\t\t\t\t\t\t<\/div>\n\t\t\t\t<div class=\"elementor-element elementor-element-3ba90f8 elementor-widget elementor-widget-image\" data-id=\"3ba90f8\" data-element_type=\"widget\" data-widget_type=\"image.default\">\n\t\t\t\t\t\t\t\t\t\t\t\t\t\t\t<img fetchpriority=\"high\" decoding=\"async\" width=\"525\" height=\"218\" src=\"https:\/\/kayserifurniturefair.com\/wp-content\/uploads\/2025\/11\/WhatsApp-Image-2025-11-11-at-13.36.22-1024x426.jpeg\" class=\"attachment-large size-large wp-image-4120\" alt=\"\" srcset=\"https:\/\/kayserifurniturefair.com\/wp-content\/uploads\/2025\/11\/WhatsApp-Image-2025-11-11-at-13.36.22-1024x426.jpeg 1024w, https:\/\/kayserifurniturefair.com\/wp-content\/uploads\/2025\/11\/WhatsApp-Image-2025-11-11-at-13.36.22-300x125.jpeg 300w, https:\/\/kayserifurniturefair.com\/wp-content\/uploads\/2025\/11\/WhatsApp-Image-2025-11-11-at-13.36.22-768x320.jpeg 768w, https:\/\/kayserifurniturefair.com\/wp-content\/uploads\/2025\/11\/WhatsApp-Image-2025-11-11-at-13.36.22-1536x639.jpeg 1536w, https:\/\/kayserifurniturefair.com\/wp-content\/uploads\/2025\/11\/WhatsApp-Image-2025-11-11-at-13.36.22.jpeg 1600w\" sizes=\"(max-width: 525px) 100vw, 525px\" \/>\t\t\t\t\t\t\t\t\t\t\t\t\t\t\t<\/div>\n\t\t\t\t\t<\/div>\n\t\t\t\t<\/div>\n\t\t<div class=\"elementor-element elementor-element-3bc1162 e-flex e-con-boxed e-con e-parent\" data-id=\"3bc1162\" data-element_type=\"container\">\n\t\t\t\t\t<div class=\"e-con-inner\">\n\t\t\t\t<div class=\"elementor-element elementor-element-cbaabab elementor-align-center elementor-widget elementor-widget-button\" data-id=\"cbaabab\" data-element_type=\"widget\" data-widget_type=\"button.default\">\n\t\t\t\t\t\t\t\t\t\t<a class=\"elementor-button elementor-button-link elementor-size-sm\" href=\"https:\/\/kayserifurniturefair.com\/ru\/ziyaretci-olun\/\">\n\t\t\t\t\t\t<span class=\"elementor-button-content-wrapper\">\n\t\t\t\t\t\t\t\t\t<span class=\"elementor-button-text\">Z\u0130YARET\u00c7\u0130 OLUN<\/span>\n\t\t\t\t\t<\/span>\n\t\t\t\t\t<\/a>\n\t\t\t\t\t\t\t\t<\/div>\n\t\t\t\t\t<\/div>\n\t\t\t\t<\/div>\n\t\t\t\t<\/div>","protected":false},"excerpt":{"rendered":"<p>Neden Ziyaret\u00e7i Olmal\u0131s\u0131n\u0131z? Mobilya fuar\u0131m\u0131z, sekt\u00f6r\u00fcn en yenilik\u00e7i ve g\u00fcncel trendlerini bir araya getiren e\u015fsiz bir platform sunuyor. \u0130ster i\u00e7 mimar olun, ister perakende sat\u0131\u015f yapan bir ma\u011faza sahibi, isterse bireysel bir tasar\u0131m tutkunu, fuar\u0131m\u0131z her ziyaret\u00e7iye ilham verici deneyimler sunuyor. Yeni koleksiyonlar\u0131 ilk elden g\u00f6rme, farkl\u0131 \u00fcreticilerle do\u011frudan ileti\u015fim kurma ve sekt\u00f6r\u00fcn \u00f6nc\u00fc profesyonellerinden [&hellip;]<\/p>","protected":false},"author":1,"featured_media":0,"parent":0,"menu_order":0,"comment_status":"closed","ping_status":"closed","template":"tpl-default-elementor.php","meta":{"footnotes":""},"class_list":["post-3893","page","type-page","status-publish","hentry"],"_links":{"self":[{"href":"https:\/\/kayserifurniturefair.com\/ru\/wp-json\/wp\/v2\/pages\/3893","targetHints":{"allow":["GET"]}}],"collection":[{"href":"https:\/\/kayserifurniturefair.com\/ru\/wp-json\/wp\/v2\/pages"}],"about":[{"href":"https:\/\/kayserifurniturefair.com\/ru\/wp-json\/wp\/v2\/types\/page"}],"author":[{"embeddable":true,"href":"https:\/\/kayserifurniturefair.com\/ru\/wp-json\/wp\/v2\/users\/1"}],"replies":[{"embeddable":true,"href":"https:\/\/kayserifurniturefair.com\/ru\/wp-json\/wp\/v2\/comments?post=3893"}],"version-history":[{"count":29,"href":"https:\/\/kayserifurniturefair.com\/ru\/wp-json\/wp\/v2\/pages\/3893\/revisions"}],"predecessor-version":[{"id":4529,"href":"https:\/\/kayserifurniturefair.com\/ru\/wp-json\/wp\/v2\/pages\/3893\/revisions\/4529"}],"wp:attachment":[{"href":"https:\/\/kayserifurniturefair.com\/ru\/wp-json\/wp\/v2\/media?parent=3893"}],"curies":[{"name":"wp","href":"https:\/\/api.w.org\/{rel}","templated":true}]}}